{"id":78,"date":"2023-02-14T08:35:14","date_gmt":"2023-02-14T08:35:14","guid":{"rendered":"https:\/\/postumo.flowragency.be\/?page_id=78"},"modified":"2023-11-08T08:15:02","modified_gmt":"2023-11-08T08:15:02","slug":"allocation-deces","status":"publish","type":"page","link":"https:\/\/www.postumo.fr\/en\/allocation-deces\/","title":{"rendered":"Detect a death benefit and eligible social or financial assistance"},"content":{"rendered":"<div data-elementor-type=\"wp-page\" data-elementor-id=\"78\" class=\"elementor elementor-78\" data-elementor-post-type=\"page\">\n\t\t\t\t<div class=\"elementor-element elementor-element-44fdce57 e-flex e-con-boxed e-con e-parent\" data-id=\"44fdce57\" data-element_type=\"container\" data-e-type=\"container\" data-settings=\"{&quot;jet_parallax_layout_list&quot;:[]}\">\n\t\t\t\t\t<div class=\"e-con-inner\">\n\t\t<div class=\"elementor-element elementor-element-6a765536 e-con-full e-flex e-con e-child\" data-id=\"6a765536\" data-element_type=\"container\" data-e-type=\"container\" data-settings=\"{&quot;jet_parallax_layout_list&quot;:[]}\">\n\t\t\t\t<div class=\"elementor-element elementor-element-c29cb9c elementor-widget elementor-widget-image\" data-id=\"c29cb9c\" data-element_type=\"widget\" data-e-type=\"widget\" data-widget_type=\"image.default\">\n\t\t\t\t\t\t\t\t\t\t\t\t\t\t\t<img fetchpriority=\"high\" decoding=\"async\" width=\"800\" height=\"533\" src=\"https:\/\/www.postumo.fr\/wp-content\/uploads\/2023\/02\/Aide-sociale-ou-financiere-eligible.webp\" class=\"attachment-large size-large wp-image-488\" alt=\"couple vieux pour aide formalit\u00e9s apr\u00e8s d\u00e9c\u00e8s\" srcset=\"https:\/\/www.postumo.fr\/wp-content\/uploads\/2023\/02\/Aide-sociale-ou-financiere-eligible.webp 800w, https:\/\/www.postumo.fr\/wp-content\/uploads\/2023\/02\/Aide-sociale-ou-financiere-eligible-300x200.webp 300w, https:\/\/www.postumo.fr\/wp-content\/uploads\/2023\/02\/Aide-sociale-ou-financiere-eligible-768x512.webp 768w\" sizes=\"(max-width: 800px) 100vw, 800px\" title=\"\">\t\t\t\t\t\t\t\t\t\t\t\t\t\t\t<\/div>\n\t\t\t\t<\/div>\n\t\t<div class=\"elementor-element elementor-element-24b7c61a e-con-full e-flex e-con e-child\" data-id=\"24b7c61a\" data-element_type=\"container\" data-e-type=\"container\" data-settings=\"{&quot;jet_parallax_layout_list&quot;:[]}\">\n\t\t\t\t<div class=\"elementor-element elementor-element-649fa7e elementor-widget elementor-widget-text-editor\" data-id=\"649fa7e\" data-element_type=\"widget\" data-e-type=\"widget\" data-widget_type=\"text-editor.default\">\n\t\t\t\t\t\t\t\t\t<p>Apr\u00e8s le d\u00e9c\u00e8s d&rsquo;un proche,\u00a0<span style=\"font-weight: bold;\">les ayants droits peuvent, dans certains cas,b\u00e9n\u00e9ficier d&rsquo;allocation d\u00e9c\u00e8s, d&rsquo;aide financi\u00e8re ou sociale<\/span>\u00a0pour les aider \u00e0 faire face aux d\u00e9penses li\u00e9es aux fun\u00e9railles ou pour compenser la perte de revenus du d\u00e9funt.<\/p>\t\t\t\t\t\t\t\t<\/div>\n\t\t\t\t<div class=\"elementor-element elementor-element-1687ab96 elementor-widget elementor-widget-text-editor\" data-id=\"1687ab96\" data-element_type=\"widget\" data-e-type=\"widget\" data-widget_type=\"text-editor.default\">\n\t\t\t\t\t\t\t\t\t<p><span style=\"font-size: inherit; text-align: inherit; background-color: var(--palettecolor7); color: var(--color); font-family: var(--fontFamily); font-style: var(--fontStyle, inherit); font-weight: var(--fontWeight); letter-spacing: var(--letterSpacing); text-transform: var(--textTransform);\">Cependant, <\/span><b style=\"font-size: inherit; text-align: inherit; background-color: var(--palettecolor7); color: var(--color); font-family: var(--fontFamily); font-style: var(--fontStyle, inherit); letter-spacing: var(--letterSpacing); text-transform: var(--textTransform);\">de nombreuses personnes ne sont pas inform\u00e9es de ces aides<\/b><span style=\"font-size: inherit; text-align: inherit; background-color: var(--palettecolor7); color: var(--color); font-family: var(--fontFamily); font-style: var(--fontStyle, inherit); font-weight: var(--fontWeight); letter-spacing: var(--letterSpacing); text-transform: var(--textTransform);\"> et passent souvent \u00e0 c\u00f4t\u00e9 de ce \u00e0 quoi elles ont droit.\u00a0<\/span><\/p><p>C&rsquo;est pourquoi il est important de se renseigner sur les diff\u00e9rentes aides qui existent et de faire les d\u00e9marches n\u00e9cessaires pour les obtenir<\/p>\t\t\t\t\t\t\t\t<\/div>\n\t\t\t\t<\/div>\n\t\t\t\t\t<\/div>\n\t\t\t\t<\/div>\n\t\t<div class=\"elementor-element elementor-element-a8f0d99 e-flex e-con-boxed e-con e-parent\" data-id=\"a8f0d99\" data-element_type=\"container\" data-e-type=\"container\" data-settings=\"{&quot;jet_parallax_layout_list&quot;:[]}\">\n\t\t\t\t\t<div class=\"e-con-inner\">\n\t\t\t\t<div class=\"elementor-element elementor-element-f5e48f5 elementor-widget elementor-widget-heading\" data-id=\"f5e48f5\" data-element_type=\"widget\" data-e-type=\"widget\" data-widget_type=\"heading.default\">\n\t\t\t\t\t<h3 class=\"elementor-heading-title elementor-size-default\">Les d\u00e9marches pour obtenir une aide financi\u00e8re<\/h3>\t\t\t\t<\/div>\n\t\t\t\t<div class=\"elementor-element elementor-element-f6e49ea elementor-widget elementor-widget-text-editor\" data-id=\"f6e49ea\" data-element_type=\"widget\" data-e-type=\"widget\" data-widget_type=\"text-editor.default\">\n\t\t\t\t\t\t\t\t\t<p style=\"margin-bottom: var(--content-spacing); font-size: 18px; text-align: start;\">Obtenir une aide financi\u00e8re ou une allocation d\u00e9c\u00e8s peut s&rsquo;av\u00e9rer \u00eatre un parcours du combattant pour les personnes en difficult\u00e9. Les d\u00e9marches administratives sont souvent complexes,&nbsp;<span style=\"font-weight: bold;\">n\u00e9cessitant la fourniture de nombreux documents et justificatifs<\/span>.<\/p>\t\t\t\t\t\t\t\t<\/div>\n\t\t\t\t\t<\/div>\n\t\t\t\t<\/div>\n\t\t<div class=\"elementor-element elementor-element-a3c34e7 e-flex e-con-boxed e-con e-parent\" data-id=\"a3c34e7\" data-element_type=\"container\" data-e-type=\"container\" data-settings=\"{&quot;jet_parallax_layout_list&quot;:[]}\">\n\t\t\t\t\t<div class=\"e-con-inner\">\n\t\t<div class=\"elementor-element elementor-element-43bb70f e-con-full e-flex e-con e-child\" data-id=\"43bb70f\" data-element_type=\"container\" data-e-type=\"container\" data-settings=\"{&quot;jet_parallax_layout_list&quot;:[]}\">\n\t\t\t\t<div class=\"elementor-element elementor-element-769b53a elementor-widget elementor-widget-text-editor\" data-id=\"769b53a\" data-element_type=\"widget\" data-e-type=\"widget\" data-widget_type=\"text-editor.default\">\n\t\t\t\t\t\t\t\t\t<p><span style=\"font-size: inherit; text-align: inherit; background-color: var(--palettecolor7); color: var(--color); font-family: var(--fontFamily); font-style: var(--fontStyle, inherit); font-weight: var(--fontWeight); letter-spacing: var(--letterSpacing); text-transform: var(--textTransform);\">Il est donc <\/span><b style=\"font-size: inherit; text-align: inherit; background-color: var(--palettecolor7); color: var(--color); font-family: var(--fontFamily); font-style: var(--fontStyle, inherit); letter-spacing: var(--letterSpacing); text-transform: var(--textTransform);\">important de se renseigner \u00e0 l&rsquo;avance<\/b><span style=\"font-size: inherit; text-align: inherit; background-color: var(--palettecolor7); color: var(--color); font-family: var(--fontFamily); font-style: var(--fontStyle, inherit); font-weight: var(--fontWeight); letter-spacing: var(--letterSpacing); text-transform: var(--textTransform);\"> sur les diff\u00e9rentes aides disponibles et de se pr\u00e9parer \u00e0 fournir les informations n\u00e9cessaires pour faciliter le processus de demande.<\/span><\/p><p>Les recherches d&rsquo;aides sociales ou financi\u00e8res sont g\u00e9n\u00e9ralement sous-estim\u00e9e. <b>Les crit\u00e8res d&rsquo;admissibilit\u00e9 peuvent varier consid\u00e9rablement d&rsquo;un programme \u00e0 l&rsquo;autre<\/b>. Il peut s\u2019av\u00e9rer compliqu\u00e9 de savoir o\u00f9 chercher une allocation d\u00e9c\u00e8s et comment remplir correctement les formulaires de demande.<\/p>\t\t\t\t\t\t\t\t<\/div>\n\t\t\t\t<div class=\"elementor-element elementor-element-ca42437 elementor-align-center elementor-widget elementor-widget-button\" data-id=\"ca42437\" data-element_type=\"widget\" data-e-type=\"widget\" data-widget_type=\"button.default\">\n\t\t\t\t\t\t\t\t\t\t<a class=\"elementor-button elementor-button-link elementor-size-sm\" href=\"https:\/\/www.postumo.fr\/en\/a-propos\/\" target=\"_blank\" rel=\"noopener\">\n\t\t\t\t\t\t<span class=\"elementor-button-content-wrapper\">\n\t\t\t\t\t\t\t\t\t<span class=\"elementor-button-text\">Qui sommes-nous ? <\/span>\n\t\t\t\t\t<\/span>\n\t\t\t\t\t<\/a>\n\t\t\t\t\t\t\t\t<\/div>\n\t\t\t\t<\/div>\n\t\t<div class=\"elementor-element elementor-element-f2671da e-con-full e-flex e-con e-child\" data-id=\"f2671da\" data-element_type=\"container\" data-e-type=\"container\" data-settings=\"{&quot;jet_parallax_layout_list&quot;:[]}\">\n\t\t\t\t<div class=\"elementor-element elementor-element-b751474 elementor-widget elementor-widget-image\" data-id=\"b751474\" data-element_type=\"widget\" data-e-type=\"widget\" data-widget_type=\"image.default\">\n\t\t\t\t\t\t\t\t\t\t\t\t\t\t\t<img decoding=\"async\" width=\"1000\" height=\"667\" src=\"https:\/\/www.postumo.fr\/wp-content\/uploads\/2023\/02\/woman-suffering-from-migraine-headache.jpg\" class=\"attachment-large size-large wp-image-865\" alt=\"Jeune femme triste qui se tient la t\u00eate pour une allocation d\u00e9c\u00e8s\" srcset=\"https:\/\/www.postumo.fr\/wp-content\/uploads\/2023\/02\/woman-suffering-from-migraine-headache.jpg.webp 1000w, https:\/\/www.postumo.fr\/wp-content\/uploads\/2023\/02\/woman-suffering-from-migraine-headache-300x200.jpg.webp 300w, https:\/\/www.postumo.fr\/wp-content\/uploads\/2023\/02\/woman-suffering-from-migraine-headache-768x512.jpg.webp 768w\" sizes=\"(max-width: 1000px) 100vw, 1000px\" title=\"\">\t\t\t\t\t\t\t\t\t\t\t\t\t\t\t<\/div>\n\t\t\t\t<\/div>\n\t\t\t\t\t<\/div>\n\t\t\t\t<\/div>\n\t\t<div class=\"elementor-element elementor-element-708e1ed1 e-flex e-con-boxed e-con e-parent\" data-id=\"708e1ed1\" data-element_type=\"container\" data-e-type=\"container\" data-settings=\"{&quot;jet_parallax_layout_list&quot;:[]}\">\n\t\t\t\t\t<div class=\"e-con-inner\">\n\t\t<div class=\"elementor-element elementor-element-b383142 e-flex e-con-boxed e-con e-child\" data-id=\"b383142\" data-element_type=\"container\" data-e-type=\"container\" data-settings=\"{&quot;jet_parallax_layout_list&quot;:[]}\">\n\t\t\t\t\t<div class=\"e-con-inner\">\n\t\t<div class=\"elementor-element elementor-element-f6b7e75 e-flex e-con-boxed e-con e-child\" data-id=\"f6b7e75\" data-element_type=\"container\" data-e-type=\"container\" data-settings=\"{&quot;background_background&quot;:&quot;classic&quot;,&quot;jet_parallax_layout_list&quot;:[]}\">\n\t\t\t\t\t<div class=\"e-con-inner\">\n\t\t\t\t<div class=\"elementor-element elementor-element-fa8fab7 elementor-widget elementor-widget-heading\" data-id=\"fa8fab7\" data-element_type=\"widget\" data-e-type=\"widget\" data-widget_type=\"heading.default\">\n\t\t\t\t\t<h4 class=\"elementor-heading-title elementor-size-default\">Les crit\u00e8res d'\u00e9ligibilit\u00e9 complexes des aides sociales<\/h4>\t\t\t\t<\/div>\n\t\t\t\t<div class=\"elementor-element elementor-element-c6b1cb9 elementor-widget elementor-widget-text-editor\" data-id=\"c6b1cb9\" data-element_type=\"widget\" data-e-type=\"widget\" data-widget_type=\"text-editor.default\">\n\t\t\t\t\t\t\t\t\t<p>L&rsquo;allocation d\u00e9c\u00e8s et aides financi\u00e8res ont souvent des crit\u00e8res d&rsquo;\u00e9ligibilit\u00e9 exigeants qui peuvent \u00eatre difficiles \u00e0 comprendre et \u00e0 remplir pour les ayants droits. Ces crit\u00e8res peuvent varier selon les types d&rsquo;aides et les organismes.&nbsp;<span style=\"font-size: inherit; text-align: inherit; background-color: var( --e-global-color-blocksy_palette_5 ); color: var(--color); font-family: var(--fontFamily); font-style: var(--fontStyle, inherit); font-weight: var(--fontWeight); letter-spacing: var(--letterSpacing); text-transform: var(--textTransform);\">Par exemple, certaines aides peuvent d\u00e9pendre de l&rsquo;\u00e2ge, de la situation familiale, des ressources financi\u00e8res, de la maladie ou du handicap, ce qui peut rendre la recherche d&rsquo;aides d&rsquo;allocation d\u00e9c\u00e8s difficile.<\/span><\/p>\t\t\t\t\t\t\t\t<\/div>\n\t\t\t\t\t<\/div>\n\t\t\t\t<\/div>\n\t\t<div class=\"elementor-element elementor-element-4c5836e e-flex e-con-boxed e-con e-child\" data-id=\"4c5836e\" data-element_type=\"container\" data-e-type=\"container\" data-settings=\"{&quot;background_background&quot;:&quot;classic&quot;,&quot;jet_parallax_layout_list&quot;:[]}\">\n\t\t\t\t\t<div class=\"e-con-inner\">\n\t\t\t\t<div class=\"elementor-element elementor-element-f3b1ce5 elementor-widget elementor-widget-heading\" data-id=\"f3b1ce5\" data-element_type=\"widget\" data-e-type=\"widget\" data-widget_type=\"heading.default\">\n\t\t\t\t\t<h4 class=\"elementor-heading-title elementor-size-default\">Les d\u00e9lais d'attente pour l'obtention des aides\u200b<\/h4>\t\t\t\t<\/div>\n\t\t\t\t<div class=\"elementor-element elementor-element-e1ff78b elementor-widget elementor-widget-text-editor\" data-id=\"e1ff78b\" data-element_type=\"widget\" data-e-type=\"widget\" data-widget_type=\"text-editor.default\">\n\t\t\t\t\t\t\t\t\t<p>Les aides sociales peuvent \u00eatre vers\u00e9es relativement rapidement, mais et les demandes incompl\u00e8tes ou incorrectes peuvent entra\u00eener des retards suppl\u00e9mentaires. Il est essentiel de recueillir toutes les informations n\u00e9cessaires \u00e0 l&rsquo;avance et de suivre les instructions de demande avec pr\u00e9cision. Cela peut aider \u00e0 \u00e9viter des retards et \u00e0 obtenir les aides financi\u00e8res n\u00e9cessaires plus rapidement.Obtenir des aides sociales et financi\u00e8res peut prendre du temps, en raison du nombre de demandes et du traitement n\u00e9cessaire pour \u00e9valuer l&rsquo;\u00e9ligibilit\u00e9. Les d\u00e9lais peuvent varier selon les organismes et les types d&rsquo;aides, mais il est important d&rsquo;\u00eatre organis\u00e9 et patient pour maximiser les chances d&rsquo;obtenir l&rsquo;aide n\u00e9cessaire.\u00a0<\/p>\t\t\t\t\t\t\t\t<\/div>\n\t\t\t\t\t<\/div>\n\t\t\t\t<\/div>\n\t\t<div class=\"elementor-element elementor-element-469c288 e-flex e-con-boxed e-con e-child\" data-id=\"469c288\" data-element_type=\"container\" data-e-type=\"container\" data-settings=\"{&quot;background_background&quot;:&quot;classic&quot;,&quot;jet_parallax_layout_list&quot;:[]}\">\n\t\t\t\t\t<div class=\"e-con-inner\">\n\t\t\t\t<div class=\"elementor-element elementor-element-fdabeeb elementor-widget elementor-widget-heading\" data-id=\"fdabeeb\" data-element_type=\"widget\" data-e-type=\"widget\" data-widget_type=\"heading.default\">\n\t\t\t\t\t<h4 class=\"elementor-heading-title elementor-size-default\">Les avantages d'une aide \u00e0 la recherche des aides sociales et financi\u00e8res<\/h4>\t\t\t\t<\/div>\n\t\t\t\t<div class=\"elementor-element elementor-element-e2f7b1a elementor-widget elementor-widget-text-editor\" data-id=\"e2f7b1a\" data-element_type=\"widget\" data-e-type=\"widget\" data-widget_type=\"text-editor.default\">\n\t\t\t\t\t\t\t\t\t<p>Postumo un service visant \u00e0 aider les familles endeuill\u00e9es \u00e0 d\u00e9tecter des aides sociales ou financi\u00e8res auxquelles elles peuvent pr\u00e9tendre. En identifiant les aides existantes, notre service peut contribuer \u00e0 soulager les familles de certaines d\u00e9penses et ainsi leur permettre de mieux faire face \u00e0 cette p\u00e9riode difficile.<\/p>\t\t\t\t\t\t\t\t<\/div>\n\t\t\t\t\t<\/div>\n\t\t\t\t<\/div>\n\t\t\t\t\t<\/div>\n\t\t\t\t<\/div>\n\t\t\t\t\t<\/div>\n\t\t\t\t<\/div>\n\t\t<div class=\"elementor-element elementor-element-aa63a0e e-flex e-con-boxed e-con e-parent\" data-id=\"aa63a0e\" data-element_type=\"container\" data-e-type=\"container\" data-settings=\"{&quot;jet_parallax_layout_list&quot;:[]}\">\n\t\t\t\t\t<div class=\"e-con-inner\">\n\t\t<div class=\"elementor-element elementor-element-152030a e-flex e-con-boxed e-con e-child\" data-id=\"152030a\" data-element_type=\"container\" data-e-type=\"container\" data-settings=\"{&quot;jet_parallax_layout_list&quot;:[]}\">\n\t\t\t\t\t<div class=\"e-con-inner\">\n\t\t\t\t<div class=\"elementor-element elementor-element-c59094f elementor-widget elementor-widget-heading\" data-id=\"c59094f\" data-element_type=\"widget\" data-e-type=\"widget\" data-widget_type=\"heading.default\">\n\t\t\t\t\t<h2 class=\"elementor-heading-title elementor-size-default\">Les diff\u00e9rentes aides financi\u00e8res<\/h2>\t\t\t\t<\/div>\n\t\t\t\t<div class=\"elementor-element elementor-element-77b1ab4 elementor-widget elementor-widget-text-editor\" data-id=\"77b1ab4\" data-element_type=\"widget\" data-e-type=\"widget\" data-widget_type=\"text-editor.default\">\n\t\t\t\t\t\t\t\t\t<p>Il est possible de b\u00e9n\u00e9ficier d&rsquo;allocation d\u00e9c\u00e8s sociale\u00a0<\/p><p>l<span style=\"font-size: inherit; text-align: inherit; background-color: var(--palettecolor7); color: var(--color); font-family: var(--fontFamily); font-style: var(--fontStyle, inherit); font-weight: var(--fontWeight); letter-spacing: var(--letterSpacing); text-transform: var(--textTransform);\">es aides les plus courantes sont :\u00a0<\/span><\/p>\t\t\t\t\t\t\t\t<\/div>\n\t\t<div class=\"elementor-element elementor-element-b65b420 e-con-full e-grid e-con e-child\" data-id=\"b65b420\" data-element_type=\"container\" data-e-type=\"container\" data-settings=\"{&quot;jet_parallax_layout_list&quot;:[]}\">\n\t\t<div class=\"elementor-element elementor-element-f18f123 e-transform e-flex e-con-boxed e-con e-child\" data-id=\"f18f123\" data-element_type=\"container\" data-e-type=\"container\" data-settings=\"{&quot;background_background&quot;:&quot;classic&quot;,&quot;_transform_translateY_effect_hover&quot;:{&quot;unit&quot;:&quot;px&quot;,&quot;size&quot;:-20,&quot;sizes&quot;:[]},&quot;jet_parallax_layout_list&quot;:[],&quot;_transform_translateX_effect_hover&quot;:{&quot;unit&quot;:&quot;px&quot;,&quot;size&quot;:&quot;&quot;,&quot;sizes&quot;:[]},&quot;_transform_translateX_effect_hover_tablet&quot;:{&quot;unit&quot;:&quot;px&quot;,&quot;size&quot;:&quot;&quot;,&quot;sizes&quot;:[]},&quot;_transform_translateX_effect_hover_mobile&quot;:{&quot;unit&quot;:&quot;px&quot;,&quot;size&quot;:&quot;&quot;,&quot;sizes&quot;:[]},&quot;_transform_translateY_effect_hover_tablet&quot;:{&quot;unit&quot;:&quot;px&quot;,&quot;size&quot;:&quot;&quot;,&quot;sizes&quot;:[]},&quot;_transform_translateY_effect_hover_mobile&quot;:{&quot;unit&quot;:&quot;px&quot;,&quot;size&quot;:&quot;&quot;,&quot;sizes&quot;:[]}}\">\n\t\t\t\t\t<div class=\"e-con-inner\">\n\t\t\t\t<div class=\"elementor-element elementor-element-e4a4d2e elementor-widget elementor-widget-heading\" data-id=\"e4a4d2e\" data-element_type=\"widget\" data-e-type=\"widget\" data-widget_type=\"heading.default\">\n\t\t\t\t\t<h4 class=\"elementor-heading-title elementor-size-default\">Allocation de solidarit\u00e9 sp\u00e9cifique (Capital d\u00e9c\u00e8s) \n<\/h4>\t\t\t\t<\/div>\n\t\t\t\t<div class=\"elementor-element elementor-element-853b612 elementor-widget elementor-widget-text-editor\" data-id=\"853b612\" data-element_type=\"widget\" data-e-type=\"widget\" data-widget_type=\"text-editor.default\">\n\t\t\t\t\t\t\t\t\t<p>L&rsquo;allocation de solidarit\u00e9 sp\u00e9cifique est allocation d\u00e9c\u00e8s destin\u00e9e aux personnes en fin de droit d&rsquo;indemnisation ch\u00f4mage et ayant \u00e9puis\u00e9 leurs droits.<\/p><p>\u00a0Les conditions d&rsquo;\u00e9ligibilit\u00e9 sont d\u2019\u00eatre \u00e2g\u00e9 d&rsquo;au moins 62 ans (ou 60 ans pour les personnes ayant\u00a0travaill\u00e9 dans certains secteurs). Avoir travaill\u00e9 au moins 5 ans au cours des 10 derni\u00e8res ann\u00e9es. Avoir \u00e9puis\u00e9 ses droits aux allocations ch\u00f4mage. Les ressources du foyer ne doivent pas d\u00e9passer un certain plafond.<\/p><p>Il est important de noter que certaines aides peuvent \u00eatre soumises \u00e0 des conditions sp\u00e9cifiques et que les conditions d&rsquo;\u00e9ligibilit\u00e9 peuvent varier en fonction de chaque aide et peuvent \u00eatre modifi\u00e9es en fonction des r\u00e9glementations en vigueur<\/p>\t\t\t\t\t\t\t\t<\/div>\n\t\t\t\t\t<\/div>\n\t\t\t\t<\/div>\n\t\t<div class=\"elementor-element elementor-element-aeec242 e-transform e-flex e-con-boxed e-con e-child\" data-id=\"aeec242\" data-element_type=\"container\" data-e-type=\"container\" data-settings=\"{&quot;background_background&quot;:&quot;classic&quot;,&quot;_transform_translateY_effect_hover&quot;:{&quot;unit&quot;:&quot;px&quot;,&quot;size&quot;:-20,&quot;sizes&quot;:[]},&quot;jet_parallax_layout_list&quot;:[],&quot;_transform_translateX_effect_hover&quot;:{&quot;unit&quot;:&quot;px&quot;,&quot;size&quot;:&quot;&quot;,&quot;sizes&quot;:[]},&quot;_transform_translateX_effect_hover_tablet&quot;:{&quot;unit&quot;:&quot;px&quot;,&quot;size&quot;:&quot;&quot;,&quot;sizes&quot;:[]},&quot;_transform_translateX_effect_hover_mobile&quot;:{&quot;unit&quot;:&quot;px&quot;,&quot;size&quot;:&quot;&quot;,&quot;sizes&quot;:[]},&quot;_transform_translateY_effect_hover_tablet&quot;:{&quot;unit&quot;:&quot;px&quot;,&quot;size&quot;:&quot;&quot;,&quot;sizes&quot;:[]},&quot;_transform_translateY_effect_hover_mobile&quot;:{&quot;unit&quot;:&quot;px&quot;,&quot;size&quot;:&quot;&quot;,&quot;sizes&quot;:[]}}\">\n\t\t\t\t\t<div class=\"e-con-inner\">\n\t\t\t\t<div class=\"elementor-element elementor-element-470d5c6 elementor-widget elementor-widget-heading\" data-id=\"470d5c6\" data-element_type=\"widget\" data-e-type=\"widget\" data-widget_type=\"heading.default\">\n\t\t\t\t\t<h4 class=\"elementor-heading-title elementor-size-default\">Allocation de solidarit\u00e9 aux personnes \u00e2g\u00e9es (Aspa)<\/h4>\t\t\t\t<\/div>\n\t\t\t\t<div class=\"elementor-element elementor-element-36f0ebb elementor-widget elementor-widget-text-editor\" data-id=\"36f0ebb\" data-element_type=\"widget\" data-e-type=\"widget\" data-widget_type=\"text-editor.default\">\n\t\t\t\t\t\t\t\t\t<p>Cette prestation mensuelle est accord\u00e9e aux <a href=\"https:\/\/www.postumo.fr\/en\/qui-prevenir-en-cas-de-deces-dun-retraite\/\" target=\"_blank\" rel=\"noopener\">retrait\u00e9s<\/a> ayant de faibles ressources et vivant en France.<\/p>\n<p>65ans (ou avant si vous remplissez certaines conditions). Cette aide est \u00e9galement soumise \u00e0 une condition de r\u00e9sidence. Elle est vers\u00e9e par votre caisse de retraite (Carsat, MSA, &#8230;). Son montant d\u00e9pend notamment de votre situation familiale (vie de couple ou non).<\/p>\n<p>Lorsque vous percevez l&rsquo;Aspa, vous devez informer votre caisse de retraite en cas de changement du montant de vos revenus, de votre situation familiale ou de votre lieu de r\u00e9sidence.&nbsp;<\/p>\n<p>Enfin, cette aide est r\u00e9cup\u00e9rable sur la succession.<\/p>\t\t\t\t\t\t\t\t<\/div>\n\t\t\t\t\t<\/div>\n\t\t\t\t<\/div>\n\t\t<div class=\"elementor-element elementor-element-0e3e459 e-transform e-flex e-con-boxed e-con e-child\" data-id=\"0e3e459\" data-element_type=\"container\" data-e-type=\"container\" data-settings=\"{&quot;background_background&quot;:&quot;classic&quot;,&quot;_transform_translateY_effect_hover&quot;:{&quot;unit&quot;:&quot;px&quot;,&quot;size&quot;:-20,&quot;sizes&quot;:[]},&quot;jet_parallax_layout_list&quot;:[],&quot;_transform_translateX_effect_hover&quot;:{&quot;unit&quot;:&quot;px&quot;,&quot;size&quot;:&quot;&quot;,&quot;sizes&quot;:[]},&quot;_transform_translateX_effect_hover_tablet&quot;:{&quot;unit&quot;:&quot;px&quot;,&quot;size&quot;:&quot;&quot;,&quot;sizes&quot;:[]},&quot;_transform_translateX_effect_hover_mobile&quot;:{&quot;unit&quot;:&quot;px&quot;,&quot;size&quot;:&quot;&quot;,&quot;sizes&quot;:[]},&quot;_transform_translateY_effect_hover_tablet&quot;:{&quot;unit&quot;:&quot;px&quot;,&quot;size&quot;:&quot;&quot;,&quot;sizes&quot;:[]},&quot;_transform_translateY_effect_hover_mobile&quot;:{&quot;unit&quot;:&quot;px&quot;,&quot;size&quot;:&quot;&quot;,&quot;sizes&quot;:[]}}\">\n\t\t\t\t\t<div class=\"e-con-inner\">\n\t\t\t\t<div class=\"elementor-element elementor-element-a293523 elementor-widget elementor-widget-heading\" data-id=\"a293523\" data-element_type=\"widget\" data-e-type=\"widget\" data-widget_type=\"heading.default\">\n\t\t\t\t\t<h4 class=\"elementor-heading-title elementor-size-default\">Allocation  veuvage <\/h4>\t\t\t\t<\/div>\n\t\t\t\t<div class=\"elementor-element elementor-element-24ea9b1 elementor-widget elementor-widget-text-editor\" data-id=\"24ea9b1\" data-element_type=\"widget\" data-e-type=\"widget\" data-widget_type=\"text-editor.default\">\n\t\t\t\t\t\t\t\t\t<p>Pour b\u00e9n\u00e9ficier de cette allocation d\u00e9c\u00e8s, il faut \u00eatre \u00e2g\u00e9 de moins de 55 ans, \u00eatre veuf ou veuve et avoir de faibles revenus. Le demandeur doit \u00e9galement avoir cotis\u00e9 suffisamment cotis\u00e9 \u00e0 l&rsquo;assurance vieillesse pour y pr\u00e9tendre.<\/p>\t\t\t\t\t\t\t\t<\/div>\n\t\t\t\t\t<\/div>\n\t\t\t\t<\/div>\n\t\t<div class=\"elementor-element elementor-element-98b5b87 e-transform e-flex e-con-boxed e-con e-child\" data-id=\"98b5b87\" data-element_type=\"container\" data-e-type=\"container\" data-settings=\"{&quot;background_background&quot;:&quot;classic&quot;,&quot;_transform_translateY_effect_hover&quot;:{&quot;unit&quot;:&quot;px&quot;,&quot;size&quot;:-20,&quot;sizes&quot;:[]},&quot;jet_parallax_layout_list&quot;:[],&quot;_transform_translateX_effect_hover&quot;:{&quot;unit&quot;:&quot;px&quot;,&quot;size&quot;:&quot;&quot;,&quot;sizes&quot;:[]},&quot;_transform_translateX_effect_hover_tablet&quot;:{&quot;unit&quot;:&quot;px&quot;,&quot;size&quot;:&quot;&quot;,&quot;sizes&quot;:[]},&quot;_transform_translateX_effect_hover_mobile&quot;:{&quot;unit&quot;:&quot;px&quot;,&quot;size&quot;:&quot;&quot;,&quot;sizes&quot;:[]},&quot;_transform_translateY_effect_hover_tablet&quot;:{&quot;unit&quot;:&quot;px&quot;,&quot;size&quot;:&quot;&quot;,&quot;sizes&quot;:[]},&quot;_transform_translateY_effect_hover_mobile&quot;:{&quot;unit&quot;:&quot;px&quot;,&quot;size&quot;:&quot;&quot;,&quot;sizes&quot;:[]}}\">\n\t\t\t\t\t<div class=\"e-con-inner\">\n\t\t\t\t<div class=\"elementor-element elementor-element-120c161 elementor-widget elementor-widget-heading\" data-id=\"120c161\" data-element_type=\"widget\" data-e-type=\"widget\" data-widget_type=\"heading.default\">\n\t\t\t\t\t<h4 class=\"elementor-heading-title elementor-size-default\">Allocation, rente, capital ou pension d'orphelin<\/h4>\t\t\t\t<\/div>\n\t\t\t\t<div class=\"elementor-element elementor-element-577377b elementor-widget elementor-widget-text-editor\" data-id=\"577377b\" data-element_type=\"widget\" data-e-type=\"widget\" data-widget_type=\"text-editor.default\">\n\t\t\t\t\t\t\t\t\t<p>Cette aide peut avoir diff\u00e9rentes appellations, elle est destin\u00e9e aux enfants dont l&rsquo;un des parents est d\u00e9c\u00e9d\u00e9.Les conditions pour l&rsquo;obtenir sont li\u00e9es principalement \u00e0 l&rsquo;\u00e2ge de l&rsquo;enfant et au r\u00e9gime professionnel du ou des parents d\u00e9c\u00e9d\u00e9s.<\/p>\t\t\t\t\t\t\t\t<\/div>\n\t\t\t\t\t<\/div>\n\t\t\t\t<\/div>\n\t\t\t\t<\/div>\n\t\t\t\t\t<\/div>\n\t\t\t\t<\/div>\n\t\t\t\t\t<\/div>\n\t\t\t\t<\/div>\n\t\t<div class=\"elementor-element elementor-element-2231428 e-flex e-con-boxed e-con e-parent\" data-id=\"2231428\" data-element_type=\"container\" data-e-type=\"container\" data-settings=\"{&quot;background_background&quot;:&quot;classic&quot;,&quot;jet_parallax_layout_list&quot;:[]}\">\n\t\t\t\t\t<div class=\"e-con-inner\">\n\t\t<div class=\"elementor-element elementor-element-909e376 e-flex e-con-boxed e-con e-child\" data-id=\"909e376\" data-element_type=\"container\" data-e-type=\"container\" data-settings=\"{&quot;jet_parallax_layout_list&quot;:[]}\">\n\t\t\t\t\t<div class=\"e-con-inner\">\n\t\t\t\t<div class=\"elementor-element elementor-element-f43c5a8 elementor-widget elementor-widget-heading\" data-id=\"f43c5a8\" data-element_type=\"widget\" data-e-type=\"widget\" data-widget_type=\"heading.default\">\n\t\t\t\t\t<h2 class=\"elementor-heading-title elementor-size-default\">Les aides financi\u00e8res li\u00e9es au d\u00e9c\u00e8s<\/h2>\t\t\t\t<\/div>\n\t\t\t\t<div class=\"elementor-element elementor-element-a2e3f98 elementor-widget elementor-widget-text-editor\" data-id=\"a2e3f98\" data-element_type=\"widget\" data-e-type=\"widget\" data-widget_type=\"text-editor.default\">\n\t\t\t\t\t\t\t\t\t<p>Il est possible de b\u00e9n\u00e9ficier d&rsquo;aide en cas de d\u00e9c\u00e8s,\u00a0<\/p><p>l<span style=\"font-size: inherit; text-align: inherit; background-color: var(--palettecolor7); color: var(--color); font-family: var(--fontFamily); font-style: var(--fontStyle, inherit); font-weight: var(--fontWeight); letter-spacing: var(--letterSpacing); text-transform: var(--textTransform);\">es aides les plus courantes sont :\u00a0<\/span><\/p>\t\t\t\t\t\t\t\t<\/div>\n\t\t<div class=\"elementor-element elementor-element-389536d e-con-full e-flex e-con e-child\" data-id=\"389536d\" data-element_type=\"container\" data-e-type=\"container\" data-settings=\"{&quot;jet_parallax_layout_list&quot;:[]}\">\n\t\t<div class=\"elementor-element elementor-element-2175657 e-transform e-flex e-con-boxed e-con e-child\" data-id=\"2175657\" data-element_type=\"container\" data-e-type=\"container\" data-settings=\"{&quot;background_background&quot;:&quot;classic&quot;,&quot;_transform_translateY_effect_hover&quot;:{&quot;unit&quot;:&quot;px&quot;,&quot;size&quot;:-20,&quot;sizes&quot;:[]},&quot;jet_parallax_layout_list&quot;:[],&quot;_transform_translateX_effect_hover&quot;:{&quot;unit&quot;:&quot;px&quot;,&quot;size&quot;:&quot;&quot;,&quot;sizes&quot;:[]},&quot;_transform_translateX_effect_hover_tablet&quot;:{&quot;unit&quot;:&quot;px&quot;,&quot;size&quot;:&quot;&quot;,&quot;sizes&quot;:[]},&quot;_transform_translateX_effect_hover_mobile&quot;:{&quot;unit&quot;:&quot;px&quot;,&quot;size&quot;:&quot;&quot;,&quot;sizes&quot;:[]},&quot;_transform_translateY_effect_hover_tablet&quot;:{&quot;unit&quot;:&quot;px&quot;,&quot;size&quot;:&quot;&quot;,&quot;sizes&quot;:[]},&quot;_transform_translateY_effect_hover_mobile&quot;:{&quot;unit&quot;:&quot;px&quot;,&quot;size&quot;:&quot;&quot;,&quot;sizes&quot;:[]}}\">\n\t\t\t\t\t<div class=\"e-con-inner\">\n\t\t\t\t<div class=\"elementor-element elementor-element-7f64bec elementor-widget elementor-widget-heading\" data-id=\"7f64bec\" data-element_type=\"widget\" data-e-type=\"widget\" data-widget_type=\"heading.default\">\n\t\t\t\t\t<h4 class=\"elementor-heading-title elementor-size-default\">Aide financi\u00e8re pour enterrement<\/h4>\t\t\t\t<\/div>\n\t\t\t\t<div class=\"elementor-element elementor-element-27374ef elementor-widget elementor-widget-text-editor\" data-id=\"27374ef\" data-element_type=\"widget\" data-e-type=\"widget\" data-widget_type=\"text-editor.default\">\n\t\t\t\t\t\t\t\t\t<p>Pour \u00eatre \u00e9ligible \u00e0 cette aide, il faut \u00eatre en mesure de justifier de faibles ressources et de ne pas avoir souscrit \u00e0 une assurance obs\u00e8ques. L&rsquo;aide est accord\u00e9e sous conditions de ressources et d\u00e9pend du nombre de personnes \u00e0 charge.<\/p>\t\t\t\t\t\t\t\t<\/div>\n\t\t\t\t\t<\/div>\n\t\t\t\t<\/div>\n\t\t<div class=\"elementor-element elementor-element-d46afe8 e-transform e-flex e-con-boxed e-con e-child\" data-id=\"d46afe8\" data-element_type=\"container\" data-e-type=\"container\" data-settings=\"{&quot;background_background&quot;:&quot;classic&quot;,&quot;_transform_translateY_effect_hover&quot;:{&quot;unit&quot;:&quot;px&quot;,&quot;size&quot;:-20,&quot;sizes&quot;:[]},&quot;jet_parallax_layout_list&quot;:[],&quot;_transform_translateX_effect_hover&quot;:{&quot;unit&quot;:&quot;px&quot;,&quot;size&quot;:&quot;&quot;,&quot;sizes&quot;:[]},&quot;_transform_translateX_effect_hover_tablet&quot;:{&quot;unit&quot;:&quot;px&quot;,&quot;size&quot;:&quot;&quot;,&quot;sizes&quot;:[]},&quot;_transform_translateX_effect_hover_mobile&quot;:{&quot;unit&quot;:&quot;px&quot;,&quot;size&quot;:&quot;&quot;,&quot;sizes&quot;:[]},&quot;_transform_translateY_effect_hover_tablet&quot;:{&quot;unit&quot;:&quot;px&quot;,&quot;size&quot;:&quot;&quot;,&quot;sizes&quot;:[]},&quot;_transform_translateY_effect_hover_mobile&quot;:{&quot;unit&quot;:&quot;px&quot;,&quot;size&quot;:&quot;&quot;,&quot;sizes&quot;:[]}}\">\n\t\t\t\t\t<div class=\"e-con-inner\">\n\t\t\t\t<div class=\"elementor-element elementor-element-d794156 elementor-widget elementor-widget-heading\" data-id=\"d794156\" data-element_type=\"widget\" data-e-type=\"widget\" data-widget_type=\"heading.default\">\n\t\t\t\t\t<h4 class=\"elementor-heading-title elementor-size-default\">Aide personnalis\u00e9e au logement (APL) \n<\/h4>\t\t\t\t<\/div>\n\t\t\t\t<div class=\"elementor-element elementor-element-2f6ac05 elementor-widget elementor-widget-text-editor\" data-id=\"2f6ac05\" data-element_type=\"widget\" data-e-type=\"widget\" data-widget_type=\"text-editor.default\">\n\t\t\t\t\t\t\t\t\t<p>Cette aide est destin\u00e9e \u00e0 aider les familles \u00e0 faibles revenus \u00e0 payer leur loyer. Pour y \u00eatre \u00e9ligible, il faut \u00eatre locataire ou colocataire d&rsquo;un logement conventionn\u00e9 et avoir des ressources inf\u00e9rieures \u00e0 un plafond fix\u00e9 chaque ann\u00e9e.<\/p>\t\t\t\t\t\t\t\t<\/div>\n\t\t\t\t\t<\/div>\n\t\t\t\t<\/div>\n\t\t\t\t<\/div>\n\t\t<div class=\"elementor-element elementor-element-25c5d67 e-con-full e-flex e-con e-child\" data-id=\"25c5d67\" data-element_type=\"container\" data-e-type=\"container\" data-settings=\"{&quot;jet_parallax_layout_list&quot;:[]}\">\n\t\t<div class=\"elementor-element elementor-element-92407d0 e-transform e-flex e-con-boxed e-con e-child\" data-id=\"92407d0\" data-element_type=\"container\" data-e-type=\"container\" data-settings=\"{&quot;background_background&quot;:&quot;classic&quot;,&quot;_transform_translateY_effect_hover&quot;:{&quot;unit&quot;:&quot;px&quot;,&quot;size&quot;:-20,&quot;sizes&quot;:[]},&quot;jet_parallax_layout_list&quot;:[],&quot;_transform_translateX_effect_hover&quot;:{&quot;unit&quot;:&quot;px&quot;,&quot;size&quot;:&quot;&quot;,&quot;sizes&quot;:[]},&quot;_transform_translateX_effect_hover_tablet&quot;:{&quot;unit&quot;:&quot;px&quot;,&quot;size&quot;:&quot;&quot;,&quot;sizes&quot;:[]},&quot;_transform_translateX_effect_hover_mobile&quot;:{&quot;unit&quot;:&quot;px&quot;,&quot;size&quot;:&quot;&quot;,&quot;sizes&quot;:[]},&quot;_transform_translateY_effect_hover_tablet&quot;:{&quot;unit&quot;:&quot;px&quot;,&quot;size&quot;:&quot;&quot;,&quot;sizes&quot;:[]},&quot;_transform_translateY_effect_hover_mobile&quot;:{&quot;unit&quot;:&quot;px&quot;,&quot;size&quot;:&quot;&quot;,&quot;sizes&quot;:[]}}\">\n\t\t\t\t\t<div class=\"e-con-inner\">\n\t\t\t\t<div class=\"elementor-element elementor-element-ae2ca03 elementor-widget elementor-widget-heading\" data-id=\"ae2ca03\" data-element_type=\"widget\" data-e-type=\"widget\" data-widget_type=\"heading.default\">\n\t\t\t\t\t<h4 class=\"elementor-heading-title elementor-size-default\">L'aide aux frais fun\u00e9raires :\n<\/h4>\t\t\t\t<\/div>\n\t\t\t\t<div class=\"elementor-element elementor-element-ce4717e elementor-widget elementor-widget-text-editor\" data-id=\"ce4717e\" data-element_type=\"widget\" data-e-type=\"widget\" data-widget_type=\"text-editor.default\">\n\t\t\t\t\t\t\t\t\t<p>Il s\u2019agit une aide destin\u00e9e \u00e0 aider les familles \u00e0 couvrir les frais li\u00e9s aux obs\u00e8ques. Les conditions d&rsquo;\u00e9ligibilit\u00e9 sont d\u2019\u00eatre b\u00e9n\u00e9ficiaire de la s\u00e9curit\u00e9 sociale ou d&rsquo;une autre assurance maladie. Les ressources de la famille ne doivent pas d\u00e9passer un certain plafond, qui d\u00e9pend du nombre de personnes composant le foyer. La demande doit \u00eatre faite dans les 6 mois suivant le d\u00e9c\u00e8s.<\/p>\t\t\t\t\t\t\t\t<\/div>\n\t\t\t\t\t<\/div>\n\t\t\t\t<\/div>\n\t\t<div class=\"elementor-element elementor-element-8c1ba9a e-transform e-flex e-con-boxed e-con e-child\" data-id=\"8c1ba9a\" data-element_type=\"container\" data-e-type=\"container\" data-settings=\"{&quot;background_background&quot;:&quot;classic&quot;,&quot;_transform_translateY_effect_hover&quot;:{&quot;unit&quot;:&quot;px&quot;,&quot;size&quot;:-20,&quot;sizes&quot;:[]},&quot;jet_parallax_layout_list&quot;:[],&quot;_transform_translateX_effect_hover&quot;:{&quot;unit&quot;:&quot;px&quot;,&quot;size&quot;:&quot;&quot;,&quot;sizes&quot;:[]},&quot;_transform_translateX_effect_hover_tablet&quot;:{&quot;unit&quot;:&quot;px&quot;,&quot;size&quot;:&quot;&quot;,&quot;sizes&quot;:[]},&quot;_transform_translateX_effect_hover_mobile&quot;:{&quot;unit&quot;:&quot;px&quot;,&quot;size&quot;:&quot;&quot;,&quot;sizes&quot;:[]},&quot;_transform_translateY_effect_hover_tablet&quot;:{&quot;unit&quot;:&quot;px&quot;,&quot;size&quot;:&quot;&quot;,&quot;sizes&quot;:[]},&quot;_transform_translateY_effect_hover_mobile&quot;:{&quot;unit&quot;:&quot;px&quot;,&quot;size&quot;:&quot;&quot;,&quot;sizes&quot;:[]}}\">\n\t\t\t\t\t<div class=\"e-con-inner\">\n\t\t\t\t<div class=\"elementor-element elementor-element-2d2b534 elementor-widget elementor-widget-heading\" data-id=\"2d2b534\" data-element_type=\"widget\" data-e-type=\"widget\" data-widget_type=\"heading.default\">\n\t\t\t\t\t<h4 class=\"elementor-heading-title elementor-size-default\">Prime de d\u00e9m\u00e9nagement <\/h4>\t\t\t\t<\/div>\n\t\t\t\t<div class=\"elementor-element elementor-element-c488a8c elementor-widget elementor-widget-text-editor\" data-id=\"c488a8c\" data-element_type=\"widget\" data-e-type=\"widget\" data-widget_type=\"text-editor.default\">\n\t\t\t\t\t\t\t\t\t<p>Cette aide est destin\u00e9e \u00e0 aider les familles \u00e0 faibles revenus \u00e0 financer les frais de leur d\u00e9m\u00e9nagement. Pour y \u00eatre \u00e9ligible, il faut avoir au moins 3 enfants \u00e0 charge et avoir des ressources inf\u00e9rieures \u00e0 un plafond fix\u00e9 chaque ann\u00e9e.<\/p>\t\t\t\t\t\t\t\t<\/div>\n\t\t\t\t\t<\/div>\n\t\t\t\t<\/div>\n\t\t\t\t<\/div>\n\t\t\t\t\t<\/div>\n\t\t\t\t<\/div>\n\t\t\t\t\t<\/div>\n\t\t\t\t<\/div>\n\t\t<div class=\"elementor-element elementor-element-c3412eb e-flex e-con-boxed e-con e-parent\" data-id=\"c3412eb\" data-element_type=\"container\" data-e-type=\"container\" data-settings=\"{&quot;background_background&quot;:&quot;classic&quot;,&quot;jet_parallax_layout_list&quot;:[]}\">\n\t\t\t\t\t<div class=\"e-con-inner\">\n\t\t<div class=\"elementor-element elementor-element-8b1afee e-flex e-con-boxed e-con e-child\" data-id=\"8b1afee\" data-element_type=\"container\" data-e-type=\"container\" data-settings=\"{&quot;jet_parallax_layout_list&quot;:[]}\">\n\t\t\t\t\t<div class=\"e-con-inner\">\n\t\t\t\t<div class=\"elementor-element elementor-element-56058a3 elementor-widget elementor-widget-heading\" data-id=\"56058a3\" data-element_type=\"widget\" data-e-type=\"widget\" data-widget_type=\"heading.default\">\n\t\t\t\t\t<h2 class=\"elementor-heading-title elementor-size-default\">Les aides financi\u00e8re li\u00e9es aux cotisations du d\u00e9funt <\/h2>\t\t\t\t<\/div>\n\t\t\t\t<div class=\"elementor-element elementor-element-2c2975e elementor-widget elementor-widget-text-editor\" data-id=\"2c2975e\" data-element_type=\"widget\" data-e-type=\"widget\" data-widget_type=\"text-editor.default\">\n\t\t\t\t\t\t\t\t\t<p>Il est possible de b\u00e9n\u00e9ficier d&rsquo;aide en cas de d\u00e9c\u00e8s,\u00a0<\/p><p>l<span style=\"font-size: inherit; text-align: inherit; background-color: var(--palettecolor7); color: var(--color); font-family: var(--fontFamily); font-style: var(--fontStyle, inherit); font-weight: var(--fontWeight); letter-spacing: var(--letterSpacing); text-transform: var(--textTransform);\">es aides les plus courantes sont :\u00a0<\/span><\/p>\t\t\t\t\t\t\t\t<\/div>\n\t\t<div class=\"elementor-element elementor-element-d69f0d1 e-con-full e-flex e-con e-child\" data-id=\"d69f0d1\" data-element_type=\"container\" data-e-type=\"container\" data-settings=\"{&quot;jet_parallax_layout_list&quot;:[]}\">\n\t\t<div class=\"elementor-element elementor-element-1ed8b91 e-transform e-flex e-con-boxed e-con e-child\" data-id=\"1ed8b91\" data-element_type=\"container\" data-e-type=\"container\" data-settings=\"{&quot;background_background&quot;:&quot;classic&quot;,&quot;_transform_translateY_effect_hover&quot;:{&quot;unit&quot;:&quot;px&quot;,&quot;size&quot;:-20,&quot;sizes&quot;:[]},&quot;jet_parallax_layout_list&quot;:[],&quot;_transform_translateX_effect_hover&quot;:{&quot;unit&quot;:&quot;px&quot;,&quot;size&quot;:&quot;&quot;,&quot;sizes&quot;:[]},&quot;_transform_translateX_effect_hover_tablet&quot;:{&quot;unit&quot;:&quot;px&quot;,&quot;size&quot;:&quot;&quot;,&quot;sizes&quot;:[]},&quot;_transform_translateX_effect_hover_mobile&quot;:{&quot;unit&quot;:&quot;px&quot;,&quot;size&quot;:&quot;&quot;,&quot;sizes&quot;:[]},&quot;_transform_translateY_effect_hover_tablet&quot;:{&quot;unit&quot;:&quot;px&quot;,&quot;size&quot;:&quot;&quot;,&quot;sizes&quot;:[]},&quot;_transform_translateY_effect_hover_mobile&quot;:{&quot;unit&quot;:&quot;px&quot;,&quot;size&quot;:&quot;&quot;,&quot;sizes&quot;:[]}}\">\n\t\t\t\t\t<div class=\"e-con-inner\">\n\t\t\t\t<div class=\"elementor-element elementor-element-b751ac3 elementor-widget elementor-widget-heading\" data-id=\"b751ac3\" data-element_type=\"widget\" data-e-type=\"widget\" data-widget_type=\"heading.default\">\n\t\t\t\t\t<h4 class=\"elementor-heading-title elementor-size-default\">Assurance vie <\/h4>\t\t\t\t<\/div>\n\t\t\t\t<div class=\"elementor-element elementor-element-547687f elementor-widget elementor-widget-text-editor\" data-id=\"547687f\" data-element_type=\"widget\" data-e-type=\"widget\" data-widget_type=\"text-editor.default\">\n\t\t\t\t\t\t\t\t\t<p>Cette aide est destin\u00e9e \u00e0 aider les b\u00e9n\u00e9ficiaires d\u00e9sign\u00e9s par le d\u00e9funt \u00e0 percevoir une somme d&rsquo;argent en cas de d\u00e9c\u00e8s. Pour y \u00eatre \u00e9ligible, il faut avoir souscrit \u00e0 une assurance vie et d\u00e9sign\u00e9 des b\u00e9n\u00e9ficiaires.<\/p>\t\t\t\t\t\t\t\t<\/div>\n\t\t\t\t<div class=\"elementor-element elementor-element-765ef72 elementor-widget elementor-widget-button\" data-id=\"765ef72\" data-element_type=\"widget\" data-e-type=\"widget\" data-widget_type=\"button.default\">\n\t\t\t\t\t\t\t\t\t\t<a class=\"elementor-button elementor-button-link elementor-size-md\" href=\"https:\/\/www.postumo.fr\/en\/delai-assurance-vie-apres-deces\/\" target=\"_blank\" rel=\"noopener\">\n\t\t\t\t\t\t<span class=\"elementor-button-content-wrapper\">\n\t\t\t\t\t\t\t\t\t<span class=\"elementor-button-text\">En savoir plus sur l'assurance vie<\/span>\n\t\t\t\t\t<\/span>\n\t\t\t\t\t<\/a>\n\t\t\t\t\t\t\t\t<\/div>\n\t\t\t\t\t<\/div>\n\t\t\t\t<\/div>\n\t\t<div class=\"elementor-element elementor-element-135f946 e-transform e-flex e-con-boxed e-con e-child\" data-id=\"135f946\" data-element_type=\"container\" data-e-type=\"container\" data-settings=\"{&quot;background_background&quot;:&quot;classic&quot;,&quot;_transform_translateY_effect_hover&quot;:{&quot;unit&quot;:&quot;px&quot;,&quot;size&quot;:-20,&quot;sizes&quot;:[]},&quot;jet_parallax_layout_list&quot;:[],&quot;_transform_translateX_effect_hover&quot;:{&quot;unit&quot;:&quot;px&quot;,&quot;size&quot;:&quot;&quot;,&quot;sizes&quot;:[]},&quot;_transform_translateX_effect_hover_tablet&quot;:{&quot;unit&quot;:&quot;px&quot;,&quot;size&quot;:&quot;&quot;,&quot;sizes&quot;:[]},&quot;_transform_translateX_effect_hover_mobile&quot;:{&quot;unit&quot;:&quot;px&quot;,&quot;size&quot;:&quot;&quot;,&quot;sizes&quot;:[]},&quot;_transform_translateY_effect_hover_tablet&quot;:{&quot;unit&quot;:&quot;px&quot;,&quot;size&quot;:&quot;&quot;,&quot;sizes&quot;:[]},&quot;_transform_translateY_effect_hover_mobile&quot;:{&quot;unit&quot;:&quot;px&quot;,&quot;size&quot;:&quot;&quot;,&quot;sizes&quot;:[]}}\">\n\t\t\t\t\t<div class=\"e-con-inner\">\n\t\t\t\t<div class=\"elementor-element elementor-element-2652088 elementor-widget elementor-widget-heading\" data-id=\"2652088\" data-element_type=\"widget\" data-e-type=\"widget\" data-widget_type=\"heading.default\">\n\t\t\t\t\t<h4 class=\"elementor-heading-title elementor-size-default\">Capital d\u00e9c\u00e8s \n<\/h4>\t\t\t\t<\/div>\n\t\t\t\t<div class=\"elementor-element elementor-element-94d6314 elementor-widget elementor-widget-text-editor\" data-id=\"94d6314\" data-element_type=\"widget\" data-e-type=\"widget\" data-widget_type=\"text-editor.default\">\n\t\t\t\t\t\t\t\t\t<p><span style=\"text-align: inherit; background-color: var( --e-global-color-blocksy_palette_8 );\">Cette aide est destin\u00e9e \u00e0 aider les proches du d\u00e9funt \u00e0 faire face aux d\u00e9penses li\u00e9es au d\u00e9c\u00e8s. Pour y \u00eatre \u00e9ligible, il faut \u00eatre un membre de la famille du d\u00e9funt ou un ayant droit, et le d\u00e9funt doit avoir cotis\u00e9 suffisamment au r\u00e9gime de s\u00e9curit\u00e9 sociale pour y pr\u00e9tendre.<\/span><\/p>\t\t\t\t\t\t\t\t<\/div>\n\t\t\t\t\t<\/div>\n\t\t\t\t<\/div>\n\t\t\t\t<\/div>\n\t\t\t\t\t<\/div>\n\t\t\t\t<\/div>\n\t\t\t\t\t<\/div>\n\t\t\t\t<\/div>\n\t\t<div class=\"elementor-element elementor-element-d82350e e-flex e-con-boxed e-con e-parent\" data-id=\"d82350e\" data-element_type=\"container\" data-e-type=\"container\" data-settings=\"{&quot;background_background&quot;:&quot;classic&quot;,&quot;jet_parallax_layout_list&quot;:[]}\">\n\t\t\t\t\t<div class=\"e-con-inner\">\n\t\t\t\t<div class=\"elementor-element elementor-element-0edc749 elementor-widget elementor-widget-heading\" data-id=\"0edc749\" data-element_type=\"widget\" data-e-type=\"widget\" data-widget_type=\"heading.default\">\n\t\t\t\t\t<h2 class=\"elementor-heading-title elementor-size-default\">Comment notre entreprise peut aider les familles endeuill\u00e9es ? <\/h2>\t\t\t\t<\/div>\n\t\t\t\t<div class=\"elementor-element elementor-element-e34be17 elementor-widget elementor-widget-text-editor\" data-id=\"e34be17\" data-element_type=\"widget\" data-e-type=\"widget\" data-widget_type=\"text-editor.default\">\n\t\t\t\t\t\t\t\t\t<p>Notre entreprise est l\u00e0 pour aider les ayants droits \u00e0 d\u00e9tecter une allocation d\u00e9c\u00e8s, les aides sociales ou financi\u00e8res auxquelles ils peuvent pr\u00e9tendre et pour les accompagner dans toutes les d\u00e9marches n\u00e9cessaires pour les obtenir.<\/p><p>Nous pouvons ainsi aider les ayants droits \u00e0 remplir les formulaires, \u00e0 rassembler les documents n\u00e9cessaires et \u00e0 suivre l&rsquo;avancement de leur dossier.<\/p>\t\t\t\t\t\t\t\t<\/div>\n\t\t<div class=\"elementor-element elementor-element-ebbaec5 e-flex e-con-boxed e-con e-child\" data-id=\"ebbaec5\" data-element_type=\"container\" data-e-type=\"container\" data-settings=\"{&quot;jet_parallax_layout_list&quot;:[]}\">\n\t\t\t\t\t<div class=\"e-con-inner\">\n\t\t\t\t<div class=\"elementor-element elementor-element-4d9c642 elementor-widget elementor-widget-button\" data-id=\"4d9c642\" data-element_type=\"widget\" data-e-type=\"widget\" data-widget_type=\"button.default\">\n\t\t\t\t\t\t\t\t\t\t<a class=\"elementor-button elementor-button-link elementor-size-lg\" href=\"https:\/\/app.postumo.fr\/onboarding\/first-step?offre=serenite\" target=\"_blank\" rel=\"noopener\">\n\t\t\t\t\t\t<span class=\"elementor-button-content-wrapper\">\n\t\t\t\t\t\t\t\t\t<span class=\"elementor-button-text\">I prepare for tomorrow, today<\/span>\n\t\t\t\t\t<\/span>\n\t\t\t\t\t<\/a>\n\t\t\t\t\t\t\t\t<\/div>\n\t\t\t\t<div class=\"elementor-element elementor-element-95d05a6 elementor-widget elementor-widget-button\" data-id=\"95d05a6\" data-element_type=\"widget\" data-e-type=\"widget\" data-widget_type=\"button.default\">\n\t\t\t\t\t\t\t\t\t\t<a class=\"elementor-button elementor-button-link elementor-size-lg\" href=\"https:\/\/www.postumo.fr\/en\/demarches-apres-deces-essentielle\/\" target=\"_blank\" rel=\"noopener\">\n\t\t\t\t\t\t<span class=\"elementor-button-content-wrapper\">\n\t\t\t\t\t\t\t\t\t<span class=\"elementor-button-text\">I've just lost someone<\/span>\n\t\t\t\t\t<\/span>\n\t\t\t\t\t<\/a>\n\t\t\t\t\t\t\t\t<\/div>\n\t\t\t\t\t<\/div>\n\t\t\t\t<\/div>\n\t\t\t\t\t<\/div>\n\t\t\t\t<\/div>\n\t\t<div class=\"elementor-element elementor-element-a3e9041 e-flex e-con-boxed e-con e-parent\" data-id=\"a3e9041\" data-element_type=\"container\" data-e-type=\"container\" data-settings=\"{&quot;jet_parallax_layout_list&quot;:[]}\">\n\t\t\t\t\t<div class=\"e-con-inner\">\n\t\t<div class=\"elementor-element elementor-element-1c11aaa e-con-full e-flex e-con e-child\" data-id=\"1c11aaa\" data-element_type=\"container\" data-e-type=\"container\" data-settings=\"{&quot;jet_parallax_layout_list&quot;:[]}\">\n\t\t\t\t<div class=\"elementor-element elementor-element-b9aecf9 elementor-widget elementor-widget-heading\" data-id=\"b9aecf9\" data-element_type=\"widget\" data-e-type=\"widget\" data-widget_type=\"heading.default\">\n\t\t\t\t\t<h3 class=\"elementor-heading-title elementor-size-default\">Les avantages de notre service :<\/h3>\t\t\t\t<\/div>\n\t\t\t\t<div class=\"elementor-element elementor-element-21b9272 elementor-widget elementor-widget-text-editor\" data-id=\"21b9272\" data-element_type=\"widget\" data-e-type=\"widget\" data-widget_type=\"text-editor.default\">\n\t\t\t\t\t\t\t\t\t<p>Postumo permet de d\u00e9tecter si les ayants droits ou le conjoint est \u00e9ligible \u00e0 une allocation d\u00e9c\u00e8s, des aides sociales ou des aides financi\u00e8res, suite au changement de situation, lorsque le d\u00e9c\u00e8s d&rsquo;un proche arrive.<\/p><p><br \/>Selon la situation du conjoint suite au d\u00e9c\u00e8s d&rsquo;un proche, nous allons identifier des aides de la r\u00e9gion, de l&rsquo;\u00e9tat ou de la commune. Ces aides peuvent \u00eatre sociaux (aide \u00e0 domicile par exemple) ou financi\u00e8res.<\/p><p><b>Postumo ne prend aucune commission sur vos droits et aides<\/b><\/p>\t\t\t\t\t\t\t\t<\/div>\n\t\t\t\t<\/div>\n\t\t<div class=\"elementor-element elementor-element-c0bf80f e-con-full e-flex e-con e-child\" data-id=\"c0bf80f\" data-element_type=\"container\" data-e-type=\"container\" data-settings=\"{&quot;jet_parallax_layout_list&quot;:[]}\">\n\t\t\t\t<div class=\"elementor-element elementor-element-0b5a327 elementor-widget elementor-widget-image\" data-id=\"0b5a327\" data-element_type=\"widget\" data-e-type=\"widget\" data-widget_type=\"image.default\">\n\t\t\t\t\t\t\t\t\t\t\t\t\t\t\t<img decoding=\"async\" width=\"1024\" height=\"683\" src=\"https:\/\/www.postumo.fr\/wp-content\/uploads\/2023\/02\/aides-apres-deces-min-1024x683.png\" class=\"attachment-large size-large wp-image-1070\" alt=\"deux mains qui se tiennent apr\u00e8s avoir trouv\u00e9 une allocation d\u00e9c\u00e8s\" srcset=\"https:\/\/www.postumo.fr\/wp-content\/uploads\/2023\/02\/aides-apres-deces-min-1024x683.png.webp 1024w, https:\/\/www.postumo.fr\/wp-content\/uploads\/2023\/02\/aides-apres-deces-min-300x200.png.webp 300w, https:\/\/www.postumo.fr\/wp-content\/uploads\/2023\/02\/aides-apres-deces-min-768x512.png.webp 768w, https:\/\/www.postumo.fr\/wp-content\/uploads\/2023\/02\/aides-apres-deces-min-1536x1024.png.webp 1536w, https:\/\/www.postumo.fr\/wp-content\/uploads\/2023\/02\/aides-apres-deces-min.png.webp 1920w\" sizes=\"(max-width: 1024px) 100vw, 1024px\" title=\"\">\t\t\t\t\t\t\t\t\t\t\t\t\t\t\t<\/div>\n\t\t\t\t<\/div>\n\t\t\t\t\t<\/div>\n\t\t\t\t<\/div>\n\t\t<div class=\"elementor-element elementor-element-f8b9434 e-flex e-con-boxed e-con e-parent\" data-id=\"f8b9434\" data-element_type=\"container\" data-e-type=\"container\" data-settings=\"{&quot;jet_parallax_layout_list&quot;:[]}\">\n\t\t\t\t\t<div class=\"e-con-inner\">\n\t\t\t\t<div class=\"elementor-element elementor-element-019231e elementor-widget elementor-widget-heading\" data-id=\"019231e\" data-element_type=\"widget\" data-e-type=\"widget\" data-widget_type=\"heading.default\">\n\t\t\t\t\t<h3 class=\"elementor-heading-title elementor-size-default\">Les services disponibles dans notre offre<\/h3>\t\t\t\t<\/div>\n\t\t\t\t<div class=\"elementor-element elementor-element-b2fa4de elementor-widget elementor-widget-text-editor\" data-id=\"b2fa4de\" data-element_type=\"widget\" data-e-type=\"widget\" data-widget_type=\"text-editor.default\">\n\t\t\t\t\t\t\t\t\t<p>En plus de d\u00e9tecter une allocation d\u00e9c\u00e8s et des aides sociales et financi\u00e8re \u00e9ligible, nous proposons d&rsquo;autres services pour accompagner les proches dans cette p\u00e9riode difficile.<\/p>\t\t\t\t\t\t\t\t<\/div>\n\t\t\t\t<div class=\"elementor-element elementor-element-58d9442 elementor-align-start elementor-icon-list--layout-traditional elementor-list-item-link-full_width elementor-widget elementor-widget-icon-list\" data-id=\"58d9442\" data-element_type=\"widget\" data-e-type=\"widget\" data-widget_type=\"icon-list.default\">\n\t\t\t\t\t\t\t<ul class=\"elementor-icon-list-items\">\n\t\t\t\t\t\t\t<li class=\"elementor-icon-list-item\">\n\t\t\t\t\t\t\t\t\t\t\t<a href=\"https:\/\/www.postumo.fr\/en\/services\/formalites-apres-deces\/\" target=\"_blank\" rel=\"noopener\">\n\n\t\t\t\t\t\t\t\t\t\t\t\t<span class=\"elementor-icon-list-icon\">\n\t\t\t\t\t\t\t<svg aria-hidden=\"true\" class=\"e-font-icon-svg e-fas-check\" viewbox=\"0 0 512 512\" xmlns=\"http:\/\/www.w3.org\/2000\/svg\"><path d=\"M173.898 439.404l-166.4-166.4c-9.997-9.997-9.997-26.206 0-36.204l36.203-36.204c9.997-9.998 26.207-9.998 36.204 0L192 312.69 432.095 72.596c9.997-9.997 26.207-9.997 36.204 0l36.203 36.204c9.997 9.997 9.997 26.206 0 36.204l-294.4 294.401c-9.998 9.997-26.207 9.997-36.204-.001z\"><\/path><\/svg>\t\t\t\t\t\t<\/span>\n\t\t\t\t\t\t\t\t\t\t<span class=\"elementor-icon-list-text\">Assurer la pr\u00e9paration automatique des formalit\u00e9s <\/span>\n\t\t\t\t\t\t\t\t\t\t\t<\/a>\n\t\t\t\t\t\t\t\t\t<\/li>\n\t\t\t\t\t\t\t\t<li class=\"elementor-icon-list-item\">\n\t\t\t\t\t\t\t\t\t\t\t<a href=\"https:\/\/www.postumo.fr\/en\/services\/organismes\/\" target=\"_blank\" rel=\"noopener\">\n\n\t\t\t\t\t\t\t\t\t\t\t\t<span class=\"elementor-icon-list-icon\">\n\t\t\t\t\t\t\t<svg aria-hidden=\"true\" class=\"e-font-icon-svg e-fas-check\" viewbox=\"0 0 512 512\" xmlns=\"http:\/\/www.w3.org\/2000\/svg\"><path d=\"M173.898 439.404l-166.4-166.4c-9.997-9.997-9.997-26.206 0-36.204l36.203-36.204c9.997-9.998 26.207-9.998 36.204 0L192 312.69 432.095 72.596c9.997-9.997 26.207-9.997 36.204 0l36.203 36.204c9.997 9.997 9.997 26.206 0 36.204l-294.4 294.401c-9.998 9.997-26.207 9.997-36.204-.001z\"><\/path><\/svg>\t\t\t\t\t\t<\/span>\n\t\t\t\t\t\t\t\t\t\t<span class=\"elementor-icon-list-text\">D\u00e9pister chaque organisme et individualiser les d\u00e9marches<\/span>\n\t\t\t\t\t\t\t\t\t\t\t<\/a>\n\t\t\t\t\t\t\t\t\t<\/li>\n\t\t\t\t\t\t\t\t<li class=\"elementor-icon-list-item\">\n\t\t\t\t\t\t\t\t\t\t\t<a href=\"https:\/\/www.postumo.fr\/en\/services\/inventaire-et-infos-manquantes\/\" target=\"_blank\" rel=\"noopener\">\n\n\t\t\t\t\t\t\t\t\t\t\t\t<span class=\"elementor-icon-list-icon\">\n\t\t\t\t\t\t\t<svg aria-hidden=\"true\" class=\"e-font-icon-svg e-fas-check\" viewbox=\"0 0 512 512\" xmlns=\"http:\/\/www.w3.org\/2000\/svg\"><path d=\"M173.898 439.404l-166.4-166.4c-9.997-9.997-9.997-26.206 0-36.204l36.203-36.204c9.997-9.998 26.207-9.998 36.204 0L192 312.69 432.095 72.596c9.997-9.997 26.207-9.997 36.204 0l36.203 36.204c9.997 9.997 9.997 26.206 0 36.204l-294.4 294.401c-9.998 9.997-26.207 9.997-36.204-.001z\"><\/path><\/svg>\t\t\t\t\t\t<\/span>\n\t\t\t\t\t\t\t\t\t\t<span class=\"elementor-icon-list-text\">R\u00e9aliser un inventaire et rechercher des informations manquantes<\/span>\n\t\t\t\t\t\t\t\t\t\t\t<\/a>\n\t\t\t\t\t\t\t\t\t<\/li>\n\t\t\t\t\t\t\t\t<li class=\"elementor-icon-list-item\">\n\t\t\t\t\t\t\t\t\t\t\t<a href=\"https:\/\/www.postumo.fr\/en\/services\/respect-du-calendrier\/\" target=\"_blank\" rel=\"noopener\">\n\n\t\t\t\t\t\t\t\t\t\t\t\t<span class=\"elementor-icon-list-icon\">\n\t\t\t\t\t\t\t<svg aria-hidden=\"true\" class=\"e-font-icon-svg e-fas-check\" viewbox=\"0 0 512 512\" xmlns=\"http:\/\/www.w3.org\/2000\/svg\"><path d=\"M173.898 439.404l-166.4-166.4c-9.997-9.997-9.997-26.206 0-36.204l36.203-36.204c9.997-9.998 26.207-9.998 36.204 0L192 312.69 432.095 72.596c9.997-9.997 26.207-9.997 36.204 0l36.203 36.204c9.997 9.997 9.997 26.206 0 36.204l-294.4 294.401c-9.998 9.997-26.207 9.997-36.204-.001z\"><\/path><\/svg>\t\t\t\t\t\t<\/span>\n\t\t\t\t\t\t\t\t\t\t<span class=\"elementor-icon-list-text\">Respect the administrations' timetable<\/span>\n\t\t\t\t\t\t\t\t\t\t\t<\/a>\n\t\t\t\t\t\t\t\t\t<\/li>\n\t\t\t\t\t\t<\/ul>\n\t\t\t\t\t\t<\/div>\n\t\t<div class=\"elementor-element elementor-element-8e45685 e-flex e-con-boxed e-con e-child\" data-id=\"8e45685\" data-element_type=\"container\" data-e-type=\"container\" data-settings=\"{&quot;jet_parallax_layout_list&quot;:[]}\">\n\t\t\t\t\t<div class=\"e-con-inner\">\n\t\t\t\t<div class=\"elementor-element elementor-element-d3fd32d elementor-widget elementor-widget-button\" data-id=\"d3fd32d\" data-element_type=\"widget\" data-e-type=\"widget\" data-widget_type=\"button.default\">\n\t\t\t\t\t\t\t\t\t\t<a class=\"elementor-button elementor-button-link elementor-size-lg\" href=\"https:\/\/app.postumo.fr\/onboarding\/first-step?offre=serenite\" target=\"_blank\" rel=\"noopener\">\n\t\t\t\t\t\t<span class=\"elementor-button-content-wrapper\">\n\t\t\t\t\t\t\t\t\t<span class=\"elementor-button-text\">Je souhaite m'organiser<\/span>\n\t\t\t\t\t<\/span>\n\t\t\t\t\t<\/a>\n\t\t\t\t\t\t\t\t<\/div>\n\t\t\t\t<div class=\"elementor-element elementor-element-797cee4 elementor-widget elementor-widget-button\" data-id=\"797cee4\" data-element_type=\"widget\" data-e-type=\"widget\" data-widget_type=\"button.default\">\n\t\t\t\t\t\t\t\t\t\t<a class=\"elementor-button elementor-button-link elementor-size-lg\" href=\"https:\/\/www.postumo.fr\/en\/demarches-apres-deces-essentielle\/\" target=\"_blank\" rel=\"noopener\">\n\t\t\t\t\t\t<span class=\"elementor-button-content-wrapper\">\n\t\t\t\t\t\t\t\t\t<span class=\"elementor-button-text\">I've just lost someone<\/span>\n\t\t\t\t\t<\/span>\n\t\t\t\t\t<\/a>\n\t\t\t\t\t\t\t\t<\/div>\n\t\t\t\t\t<\/div>\n\t\t\t\t<\/div>\n\t\t\t\t\t<\/div>\n\t\t\t\t<\/div>\n\t\t<div class=\"elementor-element elementor-element-cf75445 e-flex e-con-boxed e-con e-parent\" data-id=\"cf75445\" data-element_type=\"container\" data-e-type=\"container\" data-settings=\"{&quot;background_background&quot;:&quot;classic&quot;,&quot;jet_parallax_layout_list&quot;:[]}\">\n\t\t\t\t\t<div class=\"e-con-inner\">\n\t\t\t\t<div class=\"elementor-element elementor-element-f080324 elementor-widget elementor-widget-heading\" data-id=\"f080324\" data-element_type=\"widget\" data-e-type=\"widget\" data-widget_type=\"heading.default\">\n\t\t\t\t\t<h2 class=\"elementor-heading-title elementor-size-default\">Les questions les plus fr\u00e9quentes :<\/h2>\t\t\t\t<\/div>\n\t\t\t\t<div class=\"elementor-element elementor-element-b277bd6 elementor-widget elementor-widget-accordion\" data-id=\"b277bd6\" data-element_type=\"widget\" data-e-type=\"widget\" data-widget_type=\"accordion.default\">\n\t\t\t\t\t\t\t<div class=\"elementor-accordion\">\n\t\t\t\t\t\t\t<div class=\"elementor-accordion-item\">\n\t\t\t\t\t<div id=\"elementor-tab-title-1871\" class=\"elementor-tab-title\" data-tab=\"1\" role=\"button\" aria-controls=\"elementor-tab-content-1871\" aria-expanded=\"false\">\n\t\t\t\t\t\t\t\t\t\t\t\t\t<span class=\"elementor-accordion-icon elementor-accordion-icon-left\" aria-hidden=\"true\">\n\t\t\t\t\t\t\t\t\t\t\t\t\t\t\t<span class=\"elementor-accordion-icon-closed\"><svg class=\"e-font-icon-svg e-fas-plus\" viewbox=\"0 0 448 512\" xmlns=\"http:\/\/www.w3.org\/2000\/svg\"><path d=\"M416 208H272V64c0-17.67-14.33-32-32-32h-32c-17.67 0-32 14.33-32 32v144H32c-17.67 0-32 14.33-32 32v32c0 17.67 14.33 32 32 32h144v144c0 17.67 14.33 32 32 32h32c17.67 0 32-14.33 32-32V304h144c17.67 0 32-14.33 32-32v-32c0-17.67-14.33-32-32-32z\"><\/path><\/svg><\/span>\n\t\t\t\t\t\t\t\t<span class=\"elementor-accordion-icon-opened\"><svg class=\"e-font-icon-svg e-fas-minus\" viewbox=\"0 0 448 512\" xmlns=\"http:\/\/www.w3.org\/2000\/svg\"><path d=\"M416 208H32c-17.67 0-32 14.33-32 32v32c0 17.67 14.33 32 32 32h384c17.67 0 32-14.33 32-32v-32c0-17.67-14.33-32-32-32z\"><\/path><\/svg><\/span>\n\t\t\t\t\t\t\t\t\t\t\t\t\t\t<\/span>\n\t\t\t\t\t\t\t\t\t\t\t\t<a class=\"elementor-accordion-title\" tabindex=\"0\">Quel droit \u00e0 une aide financi\u00e8re d\u00e9c\u00e8s parent ?\u200b<\/a>\n\t\t\t\t\t<\/div>\n\t\t\t\t\t<div id=\"elementor-tab-content-1871\" class=\"elementor-tab-content elementor-clearfix\" data-tab=\"1\" role=\"region\" aria-labelledby=\"elementor-tab-title-1871\"><p>Apr\u00e8s le <strong>d\u00e9c\u00e8s d&rsquo;un parent<\/strong> en France, les ayants droits peuvent b\u00e9n\u00e9ficier de <strong>plusieurs droits et aides financi\u00e8res<\/strong> pour les accompagner dans cette p\u00e9riode difficile. L&rsquo;une des aides les plus importantes est <strong>le capital d\u00e9c\u00e8s<\/strong> vers\u00e9 par la S\u00e9curit\u00e9 sociale. Cette aide financi\u00e8re vise \u00e0 soutenir les ayants droits du d\u00e9funt en leur fournissant une aide financi\u00e8re pour couvrir les frais li\u00e9s au d\u00e9c\u00e8s, tels que les frais fun\u00e9raires. Le capital d\u00e9c\u00e8s constitue donc un soutien financier pr\u00e9cieux pour les familles endeuill\u00e9es, leur permettant de faire face aux d\u00e9penses occasionn\u00e9es par les obs\u00e8ques.<\/p><p>En outre, les ayants droits peuvent \u00e9galement pr\u00e9tendre \u00e0 d&rsquo;a<strong>utres aides financi\u00e8res sp\u00e9cifiques en fonction de leur situation<\/strong>. Par exemple, il est possible de b\u00e9n\u00e9ficier d&rsquo;une <strong>aide financi\u00e8re pour couvrir les d\u00e9penses li\u00e9es aux soins palliatifs ou \u00e0 l&rsquo;hospitalisation<\/strong> du d\u00e9funt. Cette aide vise \u00e0 all\u00e9ger la charge financi\u00e8re que peut repr\u00e9senter la prise en charge des soins dans de telles circonstances.<\/p><p>Il convient de noter que les droits et <strong>aides financi\u00e8res apr\u00e8s le d\u00e9c\u00e8s d&rsquo;un parent peuvent varier<\/strong> en fonction des r\u00e9glementations en vigueur et des r\u00e9gimes de protection sociale sp\u00e9cifiques. Il est donc recommand\u00e9 de se renseigner aupr\u00e8s des organismes comp\u00e9tents, tels que la S\u00e9curit\u00e9 sociale, pour conna\u00eetre les d\u00e9marches \u00e0 suivre et les aides auxquelles les ayants droits peuvent pr\u00e9tendre dans leur situation particuli\u00e8re.<\/p><p>Apr\u00e8s le d\u00e9c\u00e8s d&rsquo;un parent en France, les ayants droits ont donc la possibilit\u00e9 de b\u00e9n\u00e9ficier de diff\u00e9rentes aides financi\u00e8res pour les soutenir :<\/p><ul><li><strong>Capital d\u00e9c\u00e8s<\/strong> : La S\u00e9curit\u00e9 sociale peut verser un capital d\u00e9c\u00e8s aux ayants droits du d\u00e9funt pour couvrir les frais li\u00e9s au d\u00e9c\u00e8s, tels que les frais fun\u00e9raires.<\/li><li><strong>Aide financi\u00e8re pour les soins palliatifs et l&rsquo;hospitalisation<\/strong> : Les ayants droits peuvent b\u00e9n\u00e9ficier d&rsquo;une aide financi\u00e8re pour couvrir les d\u00e9penses li\u00e9es aux soins palliatifs ou \u00e0 l&rsquo;hospitalisation du d\u00e9funt<\/li><\/ul><p>Il est recommand\u00e9 de se renseigner aupr\u00e8s des organismes comp\u00e9tents pour obtenir les informations n\u00e9cessaires sur les droits et les d\u00e9marches \u00e0 suivre pour b\u00e9n\u00e9ficier de ces aides sp\u00e9cifiques. Postumo peut \u00e9galement vous accompagner pour trouver l&rsquo;ensemble des aides auxquelles vous pouvez \u00eatre \u00e9ligibles, n&rsquo;h\u00e9sitez pas \u00e0 nous en parler pour \u00eatre accompagne.<\/p><\/div>\n\t\t\t\t<\/div>\n\t\t\t\t\t\t\t<div class=\"elementor-accordion-item\">\n\t\t\t\t\t<div id=\"elementor-tab-title-1872\" class=\"elementor-tab-title\" data-tab=\"2\" role=\"button\" aria-controls=\"elementor-tab-content-1872\" aria-expanded=\"false\">\n\t\t\t\t\t\t\t\t\t\t\t\t\t<span class=\"elementor-accordion-icon elementor-accordion-icon-left\" aria-hidden=\"true\">\n\t\t\t\t\t\t\t\t\t\t\t\t\t\t\t<span class=\"elementor-accordion-icon-closed\"><svg class=\"e-font-icon-svg e-fas-plus\" viewbox=\"0 0 448 512\" xmlns=\"http:\/\/www.w3.org\/2000\/svg\"><path d=\"M416 208H272V64c0-17.67-14.33-32-32-32h-32c-17.67 0-32 14.33-32 32v144H32c-17.67 0-32 14.33-32 32v32c0 17.67 14.33 32 32 32h144v144c0 17.67 14.33 32 32 32h32c17.67 0 32-14.33 32-32V304h144c17.67 0 32-14.33 32-32v-32c0-17.67-14.33-32-32-32z\"><\/path><\/svg><\/span>\n\t\t\t\t\t\t\t\t<span class=\"elementor-accordion-icon-opened\"><svg class=\"e-font-icon-svg e-fas-minus\" viewbox=\"0 0 448 512\" xmlns=\"http:\/\/www.w3.org\/2000\/svg\"><path d=\"M416 208H32c-17.67 0-32 14.33-32 32v32c0 17.67 14.33 32 32 32h384c17.67 0 32-14.33 32-32v-32c0-17.67-14.33-32-32-32z\"><\/path><\/svg><\/span>\n\t\t\t\t\t\t\t\t\t\t\t\t\t\t<\/span>\n\t\t\t\t\t\t\t\t\t\t\t\t<a class=\"elementor-accordion-title\" tabindex=\"0\">Quelles sont les aides sociales r\u00e9cup\u00e9rables ?\u200b<\/a>\n\t\t\t\t\t<\/div>\n\t\t\t\t\t<div id=\"elementor-tab-content-1872\" class=\"elementor-tab-content elementor-clearfix\" data-tab=\"2\" role=\"region\" aria-labelledby=\"elementor-tab-title-1872\"><p>Les aides sociales r\u00e9cup\u00e9rables apr\u00e8s le d\u00e9c\u00e8s d&rsquo;un parent d\u00e9pendent de la situation de la personne d\u00e9c\u00e9d\u00e9e.\u00a0<\/p><p>Par exemple, si le d\u00e9funt \u00e9tait b\u00e9n\u00e9ficiaire de l&rsquo;aide au logement ou de l&rsquo;Allocation Personnalis\u00e9e d&rsquo;Autonomie (APA), ces aides peuvent \u00eatre r\u00e9cup\u00e9r\u00e9es apr\u00e8s son d\u00e9c\u00e8s.<\/p><\/div>\n\t\t\t\t<\/div>\n\t\t\t\t\t\t\t<div class=\"elementor-accordion-item\">\n\t\t\t\t\t<div id=\"elementor-tab-title-1873\" class=\"elementor-tab-title\" data-tab=\"3\" role=\"button\" aria-controls=\"elementor-tab-content-1873\" aria-expanded=\"false\">\n\t\t\t\t\t\t\t\t\t\t\t\t\t<span class=\"elementor-accordion-icon elementor-accordion-icon-left\" aria-hidden=\"true\">\n\t\t\t\t\t\t\t\t\t\t\t\t\t\t\t<span class=\"elementor-accordion-icon-closed\"><svg class=\"e-font-icon-svg e-fas-plus\" viewbox=\"0 0 448 512\" xmlns=\"http:\/\/www.w3.org\/2000\/svg\"><path d=\"M416 208H272V64c0-17.67-14.33-32-32-32h-32c-17.67 0-32 14.33-32 32v144H32c-17.67 0-32 14.33-32 32v32c0 17.67 14.33 32 32 32h144v144c0 17.67 14.33 32 32 32h32c17.67 0 32-14.33 32-32V304h144c17.67 0 32-14.33 32-32v-32c0-17.67-14.33-32-32-32z\"><\/path><\/svg><\/span>\n\t\t\t\t\t\t\t\t<span class=\"elementor-accordion-icon-opened\"><svg class=\"e-font-icon-svg e-fas-minus\" viewbox=\"0 0 448 512\" xmlns=\"http:\/\/www.w3.org\/2000\/svg\"><path d=\"M416 208H32c-17.67 0-32 14.33-32 32v32c0 17.67 14.33 32 32 32h384c17.67 0 32-14.33 32-32v-32c0-17.67-14.33-32-32-32z\"><\/path><\/svg><\/span>\n\t\t\t\t\t\t\t\t\t\t\t\t\t\t<\/span>\n\t\t\t\t\t\t\t\t\t\t\t\t<a class=\"elementor-accordion-title\" tabindex=\"0\">Qui a le droit au capital d\u00e9c\u00e8s ?\u200b<\/a>\n\t\t\t\t\t<\/div>\n\t\t\t\t\t<div id=\"elementor-tab-content-1873\" class=\"elementor-tab-content elementor-clearfix\" data-tab=\"3\" role=\"region\" aria-labelledby=\"elementor-tab-title-1873\"><p>Le capital d\u00e9c\u00e8s est vers\u00e9 aux ayants droits du d\u00e9funt.\u00a0<\/p><p>Les personnes qui peuvent pr\u00e9tendre \u00e0 cette aide financi\u00e8re sont les enfants, le conjoint ou le partenaire de Pacs, ainsi que les ascendants du d\u00e9funt.<br \/>En cas d&rsquo;absence de ces personnes, le capital d\u00e9c\u00e8s peut \u00eatre vers\u00e9 aux personnes qui ont support\u00e9 les frais d&rsquo;obs\u00e8ques.<\/p><\/div>\n\t\t\t\t<\/div>\n\t\t\t\t\t\t\t<div class=\"elementor-accordion-item\">\n\t\t\t\t\t<div id=\"elementor-tab-title-1874\" class=\"elementor-tab-title\" data-tab=\"4\" role=\"button\" aria-controls=\"elementor-tab-content-1874\" aria-expanded=\"false\">\n\t\t\t\t\t\t\t\t\t\t\t\t\t<span class=\"elementor-accordion-icon elementor-accordion-icon-left\" aria-hidden=\"true\">\n\t\t\t\t\t\t\t\t\t\t\t\t\t\t\t<span class=\"elementor-accordion-icon-closed\"><svg class=\"e-font-icon-svg e-fas-plus\" viewbox=\"0 0 448 512\" xmlns=\"http:\/\/www.w3.org\/2000\/svg\"><path d=\"M416 208H272V64c0-17.67-14.33-32-32-32h-32c-17.67 0-32 14.33-32 32v144H32c-17.67 0-32 14.33-32 32v32c0 17.67 14.33 32 32 32h144v144c0 17.67 14.33 32 32 32h32c17.67 0 32-14.33 32-32V304h144c17.67 0 32-14.33 32-32v-32c0-17.67-14.33-32-32-32z\"><\/path><\/svg><\/span>\n\t\t\t\t\t\t\t\t<span class=\"elementor-accordion-icon-opened\"><svg class=\"e-font-icon-svg e-fas-minus\" viewbox=\"0 0 448 512\" xmlns=\"http:\/\/www.w3.org\/2000\/svg\"><path d=\"M416 208H32c-17.67 0-32 14.33-32 32v32c0 17.67 14.33 32 32 32h384c17.67 0 32-14.33 32-32v-32c0-17.67-14.33-32-32-32z\"><\/path><\/svg><\/span>\n\t\t\t\t\t\t\t\t\t\t\t\t\t\t<\/span>\n\t\t\t\t\t\t\t\t\t\t\t\t<a class=\"elementor-accordion-title\" tabindex=\"0\">Remboursement de l'aide sociale apr\u00e8s d\u00e9c\u00e8s ?\u200b<\/a>\n\t\t\t\t\t<\/div>\n\t\t\t\t\t<div id=\"elementor-tab-content-1874\" class=\"elementor-tab-content elementor-clearfix\" data-tab=\"4\" role=\"region\" aria-labelledby=\"elementor-tab-title-1874\"><p>En ce qui concerne le remboursement de l&rsquo;aide sociale apr\u00e8s le d\u00e9c\u00e8s d&rsquo;un parent, cela d\u00e9pend \u00e9galement de la situation de la personne d\u00e9c\u00e9d\u00e9e.<\/p><p>Si le d\u00e9funt \u00e9tait b\u00e9n\u00e9ficiaire de l&rsquo;Allocation de Solidarit\u00e9 aux Personnes g\u00e9es (<a href=\"https:\/\/www.service-public.fr\/particuliers\/vosdroits\/F16871\" target=\"_blank\" rel=\"noopener\">ASPA<\/a>) ou de l&rsquo;Allocation Adulte Handicap\u00e9 (<a href=\"https:\/\/www.service-public.fr\/particuliers\/vosdroits\/F12242\" target=\"_blank\" rel=\"noopener\">AAH<\/a>), ces aides ne sont pas r\u00e9cup\u00e9rables apr\u00e8s le d\u00e9c\u00e8s.<br \/>Cependant, si le d\u00e9funt a b\u00e9n\u00e9fici\u00e9 de l&rsquo;aide sociale \u00e0 l&rsquo;h\u00e9bergement ou de l&rsquo;aide sociale \u00e0 l&rsquo;enfance, ces aides peuvent \u00eatre r\u00e9cup\u00e9r\u00e9es sur la succession du d\u00e9funt.<\/p><\/div>\n\t\t\t\t<\/div>\n\t\t\t\t\t\t\t<div class=\"elementor-accordion-item\">\n\t\t\t\t\t<div id=\"elementor-tab-title-1875\" class=\"elementor-tab-title\" data-tab=\"5\" role=\"button\" aria-controls=\"elementor-tab-content-1875\" aria-expanded=\"false\">\n\t\t\t\t\t\t\t\t\t\t\t\t\t<span class=\"elementor-accordion-icon elementor-accordion-icon-left\" aria-hidden=\"true\">\n\t\t\t\t\t\t\t\t\t\t\t\t\t\t\t<span class=\"elementor-accordion-icon-closed\"><svg class=\"e-font-icon-svg e-fas-plus\" viewbox=\"0 0 448 512\" xmlns=\"http:\/\/www.w3.org\/2000\/svg\"><path d=\"M416 208H272V64c0-17.67-14.33-32-32-32h-32c-17.67 0-32 14.33-32 32v144H32c-17.67 0-32 14.33-32 32v32c0 17.67 14.33 32 32 32h144v144c0 17.67 14.33 32 32 32h32c17.67 0 32-14.33 32-32V304h144c17.67 0 32-14.33 32-32v-32c0-17.67-14.33-32-32-32z\"><\/path><\/svg><\/span>\n\t\t\t\t\t\t\t\t<span class=\"elementor-accordion-icon-opened\"><svg class=\"e-font-icon-svg e-fas-minus\" viewbox=\"0 0 448 512\" xmlns=\"http:\/\/www.w3.org\/2000\/svg\"><path d=\"M416 208H32c-17.67 0-32 14.33-32 32v32c0 17.67 14.33 32 32 32h384c17.67 0 32-14.33 32-32v-32c0-17.67-14.33-32-32-32z\"><\/path><\/svg><\/span>\n\t\t\t\t\t\t\t\t\t\t\t\t\t\t<\/span>\n\t\t\t\t\t\t\t\t\t\t\t\t<a class=\"elementor-accordion-title\" tabindex=\"0\"> Ai-je le droit \u00e0 un remboursement pour les  frais d'obs\u00e8ques ?<\/a>\n\t\t\t\t\t<\/div>\n\t\t\t\t\t<div id=\"elementor-tab-content-1875\" class=\"elementor-tab-content elementor-clearfix\" data-tab=\"5\" role=\"region\" aria-labelledby=\"elementor-tab-title-1875\"><h3>Remboursement frais d&rsquo;obs\u00e8ques<\/h3><p>Il est possible d&rsquo;obtenir un remboursement des frais d&rsquo;obs\u00e8ques en France. Cependant, cela d\u00e9pend de divers facteurs tels que la situation financi\u00e8re du d\u00e9funt, la nature des fun\u00e9railles, le lieu de r\u00e9sidence, etc.<\/p><p>En g\u00e9n\u00e9ral, la s\u00e9curit\u00e9 sociale fran\u00e7aise ne couvre pas les frais d&rsquo;obs\u00e8ques, mais il existe certaines aides pour les personnes en situation de pr\u00e9carit\u00e9. Les familles peuvent \u00e9galement b\u00e9n\u00e9ficier d&rsquo;une aide financi\u00e8re du d\u00e9partement pour couvrir une partie des frais.<\/p><p>Les contrats d&rsquo;assurance obs\u00e8ques sont \u00e9galement une option pour aider \u00e0 couvrir les frais. Les conditions de remboursement varient en fonction des termes du contrat.<\/p><p>Il est recommand\u00e9 de contacter la s\u00e9curit\u00e9 sociale, la mairie ou le d\u00e9partement pour obtenir plus d&rsquo;informations sur les diff\u00e9rentes options d&rsquo;aide financi\u00e8re disponibles pour les frais d&rsquo;obs\u00e8ques.<\/p><\/div>\n\t\t\t\t<\/div>\n\t\t\t\t\t\t\t\t<\/div>\n\t\t\t\t\t\t<\/div>\n\t\t\t\t\t<\/div>\n\t\t\t\t<\/div>\n\t\t\t\t<\/div>\n\t\t<span class=\"et_bloom_bottom_trigger\"><\/span>","protected":false},"excerpt":{"rendered":"<p>Trouver des aides financi\u00e8res, sociales et allocation d\u00e9c\u00e8s, sans commission. Faites-vous accompagner apr\u00e8s la perte d&rsquo;un proche.<\/p>","protected":false},"author":1,"featured_media":488,"parent":0,"menu_order":0,"comment_status":"closed","ping_status":"closed","template":"","meta":{"_eb_attr":"","content-type":"","footnotes":""},"class_list":["post-78","page","type-page","status-publish","has-post-thumbnail","hentry"],"blocksy_meta":{"styles_descriptor":{"styles":{"desktop":"","tablet":"","mobile":""},"google_fonts":[],"version":6}},"_links":{"self":[{"href":"https:\/\/www.postumo.fr\/en\/wp-json\/wp\/v2\/pages\/78","targetHints":{"allow":["GET"]}}],"collection":[{"href":"https:\/\/www.postumo.fr\/en\/wp-json\/wp\/v2\/pages"}],"about":[{"href":"https:\/\/www.postumo.fr\/en\/wp-json\/wp\/v2\/types\/page"}],"author":[{"embeddable":true,"href":"https:\/\/www.postumo.fr\/en\/wp-json\/wp\/v2\/users\/1"}],"replies":[{"embeddable":true,"href":"https:\/\/www.postumo.fr\/en\/wp-json\/wp\/v2\/comments?post=78"}],"version-history":[{"count":185,"href":"https:\/\/www.postumo.fr\/en\/wp-json\/wp\/v2\/pages\/78\/revisions"}],"predecessor-version":[{"id":5319,"href":"https:\/\/www.postumo.fr\/en\/wp-json\/wp\/v2\/pages\/78\/revisions\/5319"}],"wp:featuredmedia":[{"embeddable":true,"href":"https:\/\/www.postumo.fr\/en\/wp-json\/wp\/v2\/media\/488"}],"wp:attachment":[{"href":"https:\/\/www.postumo.fr\/en\/wp-json\/wp\/v2\/media?parent=78"}],"curies":[{"name":"wp","href":"https:\/\/api.w.org\/{rel}","templated":true}]}}